{"version":"1.0","provider_name":"Neked j\u00e1t\u00e9k, nekem szerelem","provider_url":"https:\/\/edesseg.cafeblog.hu","author_name":"owner_of_a_broken_heart","author_url":"https:\/\/edesseg.cafeblog.hu\/author\/owner_of_a_broken_heart-2-2-2-2-2-2-2\/","title":"Ut\u00f3irat","html":"<P>&nbsp;<IMG style=\"WIDTH: 149px; HEIGHT: 164px\" src=\"https:\/\/edesseg.cafeblog.hu\/files\/056_Utoirat.jpg\" width=352 height=380><\/P>\r\n<P style=\"TEXT-ALIGN: justify; MARGIN: 0cm 0cm 0pt\" class=MsoNormal><SPAN style=\"FONT-FAMILY: 'Courier New'; COLOR: #9900cc; FONT-SIZE: 11pt\"><SPAN style=\"mso-spacerun: yes\"><SPAN style=\"FONT-SIZE: 24px\"><\/SPAN><SPAN style=\"FONT-SIZE: 24px\">&nbsp;<STRONG>M<\/STRONG><\/SPAN><\/SPAN>ost akartam&nbsp;lez\u00e1rni... a sz\u00e1m\u00edt\u00f3g\u00e9pemet, de megl\u00e1ttam a t\u00e9v\u00e9ben \"azt\" a filmet, \u00e9s eszembe jutott\u2026<?xml:namespace prefix = o ns = \"urn:schemas-microsoft-com:office:office\" \/><o:p><\/o:p><\/SPAN><\/P>\r\n<P style=\"TEXT-ALIGN: justify; MARGIN: 0cm 0cm 0pt\" class=MsoNormal><SPAN style=\"FONT-FAMILY: 'Courier New'; COLOR: #9900cc; FONT-SIZE: 11pt\"><o:p>&nbsp;<\/o:p><\/SPAN><\/P>\r\n<P style=\"TEXT-ALIGN: justify; TEXT-INDENT: -9pt; MARGIN: 0cm 0cm 0pt 18pt; mso-list: l0 level1 lfo1; tab-stops: list 18.0pt\" class=MsoNormal><SPAN style=\"FONT-FAMILY: 'Courier New'; COLOR: #9900cc; FONT-SIZE: 9pt; mso-fareast-font-family: 'Courier New'; mso-bidi-font-size: 11.0pt\"><SPAN style=\"mso-list: Ignore\">\u2665<SPAN style=\"FONT: 7pt 'Times New Roman'\">&nbsp;&nbsp;<FONT size=3 face=\"Courier New\">\u2026<\/FONT>.<\/SPAN><\/SPAN><\/SPAN><SPAN style=\"FONT-FAMILY: 'Courier New'; COLOR: #9900cc; FONT-SIZE: 11pt\">az a k\u00fcl\u00f6n\u00f6s \u00e9rz\u00e9sem ma, hogy m\u00e9g el is gondolkodtam arr\u00f3l, vajon mi\u00e9rt nem vagy a \u201ek\u00f6z\u00f6s hely\u00fcnk\u00f6n\u201d..., \u00e9s b\u00e1r am\u00fagy sz\u00e1mtalanszor nem szokt\u00e1l ott lenni,&nbsp;\u00e9n meg nem is szoktam keresni a v\u00e1laszt annak mi\u00e9rtj\u00e9re\u2026, most m\u00e9gis olyan m\u00e1snak t\u0171nt, ez\u00e9rt m\u00e9g a gondolattal is elj\u00e1tszottam, hogy tal\u00e1n az\u00e9rt, mert Te is \u201eott\u201d leszel\u2026, azt\u00e1n azt mondtam magamnak, hogy ilyen eszembe se jusson\u2026, micsoda h\u00fclyes\u00e9g, hiszen ez kiz\u00e1rt, \u00e9s k\u00fcl\u00f6nben is \u00e9n m\u00e1r nem akarom, hogy Te is \u201eott\u201d legy\u00e9l\u2026; <o:p><\/o:p><\/SPAN><\/P>\r\n<P style=\"TEXT-ALIGN: justify; TEXT-INDENT: -9pt; MARGIN: 0cm 0cm 0pt 18pt; mso-list: l0 level1 lfo1; tab-stops: list 18.0pt\" class=MsoNormal><SPAN style=\"FONT-FAMILY: 'Courier New'; COLOR: #9900cc; FONT-SIZE: 9pt; mso-fareast-font-family: 'Courier New'; mso-bidi-font-size: 11.0pt\"><SPAN style=\"mso-list: Ignore\">\u2665<SPAN style=\"FONT: 7pt 'Times New Roman'\">&nbsp;&nbsp;<FONT size=3 face=\"Courier New\">\u2026<\/FONT><\/SPAN><\/SPAN><\/SPAN><SPAN style=\"FONT-FAMILY: 'Courier New'; COLOR: #9900cc; FONT-SIZE: 11pt\">a bl\u00faz, amelyet akkor is viseltem, amikor el\u0151sz\u00f6r k\u00f6zeledt\u00e9l,&nbsp;\u00e9s ma minden\u00e1ron fel akartam venni, ez\u00e9rt d\u00e9lel\u0151tt gyorsan kimostam \u00e9s a Napon megsz\u00e1r\u00edtottam\u2026;<o:p><\/o:p><\/SPAN><\/P>\r\n<P style=\"TEXT-ALIGN: justify; TEXT-INDENT: -9pt; MARGIN: 0cm 0cm 0pt 18pt; mso-list: l0 level1 lfo1; tab-stops: list 18.0pt\" class=MsoNormal><SPAN style=\"FONT-FAMILY: 'Courier New'; COLOR: #9900cc; FONT-SIZE: 9pt; mso-fareast-font-family: 'Courier New'; mso-bidi-font-size: 11.0pt\"><SPAN style=\"mso-list: Ignore\">\u2665<SPAN style=\"FONT: 7pt 'Times New Roman'\">&nbsp;&nbsp;<FONT size=3 face=\"Courier New\">\u2026<\/FONT><\/SPAN><\/SPAN><\/SPAN><SPAN style=\"FONT-FAMILY: 'Courier New'; COLOR: #9900cc; FONT-SIZE: 11pt\">a t\u00e9ny, hogy ki tudja mi\u00e9rt (ki\u00e9rt), de annyira k\u00e9sz\u00fcl\u0151dtem eg\u00e9sz nap\u2026; <o:p><\/o:p><\/SPAN><\/P>\r\n<P style=\"TEXT-ALIGN: justify; TEXT-INDENT: -9pt; MARGIN: 0cm 0cm 0pt 18pt; mso-list: l0 level1 lfo1; tab-stops: list 18.0pt\" class=MsoNormal><SPAN style=\"FONT-FAMILY: 'Courier New'; COLOR: #9900cc; FONT-SIZE: 9pt; mso-fareast-font-family: 'Courier New'; mso-bidi-font-size: 11.0pt\"><SPAN style=\"mso-list: Ignore\">\u2665<SPAN style=\"FONT: 7pt 'Times New Roman'\">&nbsp;&nbsp;<FONT size=3 face=\"Courier New\">\u2026<\/FONT><\/SPAN><\/SPAN><\/SPAN><SPAN style=\"FONT-FAMILY: 'Courier New'; COLOR: #9900cc; FONT-SIZE: 11pt\">az, hogy pontosan egy \u00e9vvel azut\u00e1n, hogy el\u0151sz\u00f6r tal\u00e1lkoztunk, \u00fajra \u00f6sszefutunk, b\u00e1r nem tervezt\u00fck\u2026.<\/SPAN><\/P>\r\n<P style=\"TEXT-ALIGN: justify; TEXT-INDENT: -9pt; MARGIN: 0cm 0cm 0pt 18pt; mso-list: l0 level1 lfo1; tab-stops: list 18.0pt\" class=MsoNormal><SPAN style=\"FONT-FAMILY: 'Courier New'; COLOR: #9900cc; FONT-SIZE: 9pt; mso-fareast-font-family: 'Courier New'; mso-bidi-font-size: 11.0pt\"><SPAN style=\"mso-list: Ignore\">\u2665<SPAN style=\"FONT: 7pt 'Times New Roman'\">&nbsp;&nbsp; <\/SPAN><\/SPAN><\/SPAN><SPAN style=\"FONT-FAMILY: 'Courier New'; COLOR: #9900cc; FONT-SIZE: 11pt\">\u2026\u00c9s most a film a t\u00e9v\u00e9ben: amit akkor n\u00e9ztem\u2026, janu\u00e1r v\u00e9ge volt, hatalmas h\u00f3 esett, \u00e9s meg\u00edrtuk egym\u00e1snak: ha ennek a filmnek v\u00e9ge, besz\u00e9l\u00fcnk\u2026, k\u00e9s\u0151 \u00e9jszak\u00e1ig besz\u00e9lgett\u00fcnk is, \u00e9s \u00e9n olyan boldog voltam\u2026, alig aludtam aznap \u00e9jjel\u2026, \u00e9s akkor, ott azt k\u00edv\u00e1ntam, b\u00e1rcsak itt lenn\u00e9l m\u00e1r mellettem..., \u00e9s egy nap majd maradj is itt \u00f6r\u00f6kre! \u00dagy v\u00e1rtam akkor a&nbsp;h\u00edv\u00e1sodat..., mint ahogy most is...!<\/SPAN><\/P>\r\n<P style=\"TEXT-ALIGN: justify; MARGIN: 0cm 0cm 0pt\" class=MsoNormal><SPAN style=\"FONT-FAMILY: 'Courier New'; COLOR: #9900cc; FONT-SIZE: 11pt\"><o:p>&nbsp;<\/o:p><\/SPAN><\/P>\r\n<P style=\"TEXT-ALIGN: justify; MARGIN: 0cm 0cm 0pt\" class=MsoNormal><SPAN style=\"FONT-FAMILY: 'Courier New'; COLOR: #9900cc; FONT-SIZE: 11pt\"><SPAN style=\"mso-spacerun: yes\">&nbsp;<\/SPAN>Ma egy \u00e9ve, hogy megl\u00e1ttalak\u2026! Milyen k\u00fcl\u00f6n\u00f6s egy nap\u2026! K\u00fcl\u00f6n\u00f6s? K\u00fcl\u00f6nleges?&nbsp;Vagy ink\u00e1bb csup\u00e1n a v\u00e9letlenek (kegyetlen) \u00f6sszj\u00e1t\u00e9ka\u2026?<\/SPAN><\/P>","type":"rich"}